{"id":3181,"date":"2022-09-29T13:51:56","date_gmt":"2022-09-29T13:51:56","guid":{"rendered":"https:\/\/www.leirivolt.pt\/page-daccueil\/"},"modified":"2023-02-09T18:53:01","modified_gmt":"2023-02-09T18:53:01","slug":"page-daccueil","status":"publish","type":"page","link":"https:\/\/mail.leirivolt.pt\/fr\/","title":{"rendered":"Page d&rsquo;accueil"},"content":{"rendered":"<section id=\"intro-block\"><div class=\"owl-carousel sliderPrincipal\"><div class=\"item\">\r\n\t\t\t\t\t\t\t<figure><img decoding=\"async\" src=\"https:\/\/mail.leirivolt.pt\/wp-content\/uploads\/2022\/12\/05-AFN.jpg\" alt=\"\" \/><\/figure>\r\n\t\t\t\t\t\t\t<div><div class=\"text-block\"><p class=\"lead\"><strong>Merci<\/strong><\/p>\n<p>pour votre visite<\/p>\n<\/div><\/div>\r\n\t\t\t\t\t\t<\/div><div class=\"item\">\r\n\t\t<figure><img decoding=\"async\" src=\"https:\/\/mail.leirivolt.pt\/wp-content\/uploads\/2022\/11\/slide_02-scaled.jpg\" alt=\"\" \/><\/figure>\r\n\t\t<div><div class=\"text-block\"><p>Repr\u00e9sentants officiels<\/p>\n<p class=\"lead\">AWETA<\/p>\n<\/div><\/div>\r\n\t<\/div>\r\n\t\t<div class=\"item\">\r\n\t\t\t\t\t\t<figure><img decoding=\"async\" src=\"https:\/\/mail.leirivolt.pt\/wp-content\/uploads\/2023\/01\/Modelos.jpg\" alt=\"\" \/><\/figure>\r\n\t\t\t\t\t\t<div><div class=\"text-block\"><p class=\"lead\"><strong>Mobilit\u00e9 \u00c9lectrique<\/strong><\/p>\n<p>Nos solutions<\/p>\n<\/div><\/div>\r\n\t\t\t\t\t<\/div><\/section>\n<section id=\"projectos-block\"><div class=\"owl-carousel categorias-produtos\"><div class=\"item cat-services-fr\">\r\n\t\t\t\t\t\t\t\t<div class=\"title-block\"><h3>Services<\/h3><\/div>\r\n\t\t\t\t\t\t\t\t<p>Les Installations \u00c9lectriques sont la base de Leirivolt. Nous sommes divis\u00e9s par des \u00e9quipes sp\u00e9cialis\u00e9es pour r\u00e9pondre \u00e0 toutes les demandes dans les divers domaines de ce secteur. Nos solutions passent par l\u2019Automatisation, l\u2019Installation \u00c9lectrique dans des b\u00e2timents Industriels\/R\u00e9sidentiels, le d\u00e9veloppement d\u2019\u00e9tudes et application d\u2019\u00c9clairage, concevoir et appliquer des Syst\u00e8mes de Vid\u00e9osurveillance et Alarmes, et installer des dispositifs pour le chargement de V\u00e9hicules \u00c9lectriques.<\/p>\r\n\t\t\t\t\t\t\t<div class=\"cta-block\">\r\n\t\t\t\t\t\t\t\t<a class=\"cta-link\" href=\"https:\/\/mail.leirivolt.pt\/fr\/services-fr\">Voir les projets<\/a>\r\n\t\t\t\t\t\t\t<\/div>\r\n\t\t\t\t\t\t\t<a class=\"perma-link\" href=\"https:\/\/mail.leirivolt.pt\/fr\/services-fr\"><\/a>\r\n\t\t\t\t\t\t\t<\/div><div class=\"item cat-photovoltaique\">\r\n\t\t\t\t\t\t\t\t<div class=\"title-block\"><h3>Photovolta\u00efque<\/h3><\/div>\r\n\t\t\t\t\t\t\t\t<p>Le Syst\u00e8me Photovolta\u00efque est un des investissements les plus rentables et efficaces, car il permet au client de produire sa propre \u00e9nergie et de la consommer de forme instantan\u00e9e durant la journ\u00e9e. Ainsi, il r\u00e9ussit \u00e0 r\u00e9duire le co\u00fbt de la facture d\u2019\u00e9nergie.\r\n\r\nL\u2019\u00c9nergie Solaire Photovolta\u00efque est obtenue gr\u00e2ce \u00e0 la conversion directe de la lumi\u00e8re solaire en \u00e9lectricit\u00e9 par la cellule photovolta\u00efque pr\u00e9sente dans les modules. Cette \u00e9nergie renouvelable est utilis\u00e9e pour alimenter les \u00e9quipements, fournir de l\u2019\u00e9nergie dans des refuges et maisons isol\u00e9es, et produire de l\u2019\u00e9lectricit\u00e9 \u00e0 grande \u00e9chelle par le biais de r\u00e9seaux de distribution.<\/p>\r\n\t\t\t\t\t\t\t<div class=\"cta-block\">\r\n\t\t\t\t\t\t\t\t<a class=\"cta-link\" href=\"https:\/\/mail.leirivolt.pt\/fr\/photovoltaique\">Voir les projets<\/a>\r\n\t\t\t\t\t\t\t<\/div>\r\n\t\t\t\t\t\t\t<a class=\"perma-link\" href=\"https:\/\/mail.leirivolt.pt\/fr\/photovoltaique\"><\/a>\r\n\t\t\t\t\t\t\t<\/div><\/div><\/section>\n<section id=\"empresa-block\">\n<div class=\"intro-row\">\n<div class=\"row\">\n<div class=\"col-lg-4 col-xxl-6\">\n<h2>Entreprise<\/h2>\n<\/div>\n<div class=\"col-lg-8 col-xxl-6\">\n<div>\n<p>Leirivolt &#8211; Lda a \u00e9t\u00e9 fond\u00e9e le 5 janvier 2004. Actuellement, nous sommes une entreprise solide sur le march\u00e9, compos\u00e9 d&rsquo;une \u00e9quipe exp\u00e9riment\u00e9e et dynamique, avec un savoir-faire dans le domaine des Installations \u00c9lectriques, \u00c9lectrification des Tableaux \u00c9lectriques, Automatisation Industrielle, Maintenance et Assistance Technique, Syst\u00e8mes Domotiques R\u00e9sidentiels, \u00c9tudes et Projets d&rsquo;\u00c9clairage, Mobilit\u00e9 \u00c9lectrique, \u00c9nergies Renouvelables (Syst\u00e8mes Photovolta\u00efques).<\/p>\n<p>Tout ce savoir-faire nous permet d&rsquo;offrir un excellent service \u00e0 nos clients dans la conception de la meilleure solution pour tous types de situations.<\/p>\n<\/div>\n<\/div>\n<\/div>\n<div id=\"idade-block\" class=\"row text-center\">\n<div class=\"col-12\"><span class=\"large\">19<\/span> <strong>Ans<\/strong><\/div>\n<div class=\"col-6\">2004<\/div>\n<div class=\"col-6\">2023<\/div>\n<\/div>\n<\/div>\n<div id=\"stats-block\"><div class=\"row\">\r\n\t\t\t\t\t\t<div class=\"col-auto\">\r\n\t\t\t\t\t\t\t<div class=\"row\">\r\n\t\t\t\t\t\t\t\t<div class=\"col-auto number\">1000<\/div>\r\n\t\t\t\t\t\t\t\t<div class=\"col-auto\">Clients<br>Satisfaits<\/div>\r\n\t\t\t\t\t\t\t<\/div>\r\n\t\t\t\t\t\t<\/div>\r\n\t\t\t\t\t\t<div class=\"col-auto\">\r\n\t\t\t\t\t\t\t<div class=\"row\">\r\n\t\t\t\t\t\t\t\t<div class=\"col-auto number\">100000<\/div>\r\n\t\t\t\t\t\t\t\t<div class=\"col-auto\">Projets<br>Ex\u00e9cut\u00e9s<\/div>\r\n\t\t\t\t\t\t\t<\/div>\r\n\t\t\t\t\t\t<\/div>\r\n\t\t\t\t\t<\/div><\/div>\n<\/section>\n<section id=\"portfolio-block\">\n<div class=\"row\">\n<div class=\"col-lg-4 col-xxl-6\">\n<h2>Portfolio<\/h2>\n<\/div>\n<div class=\"col-lg-8 col-xxl-6\">\n<p>Leirivolt &#8211; Solutions \u00c9nerg\u00e9tiques.<\/p>\n<p>Gr\u00e2ce \u00e0 nos technologies innovatrices, \u00e0 l&rsquo;\u00e9coute des besoins de nos clients et \u00e0 un groupe d&rsquo;experts qui accompagne chaque projet, nous nous concentrons pour r\u00e9pondre au d\u00e9fi dans tous les domaines que nous op\u00e9rons.<\/p>\n<p>Notre objectif est de d\u00e9velopper des solutions efficaces et rentables pour r\u00e9duire les co\u00fbts et optimiser les processus, qu&rsquo;ils soient industriels, tertiaires ou r\u00e9sidentiels.<\/p>\n<\/div>\n<\/div>\n<div class=\"row\">\n<div class=\"col\"><div class=\"container portfolio p-0\"><div class=\"row full-width\"> <div class=\"col-lg-4\">\r\n\t\t\t\t\t\t\t<figure><img decoding=\"async\" src=\"https:\/\/mail.leirivolt.pt\/wp-content\/uploads\/2023\/01\/IMG-20210506-WA0001_-scaled.jpg\" alt=\"Photovolta\u00efque\"><\/figure>\r\n\t\t\t\t\t\t\t<h3>Photovolta\u00efque<\/h3>\r\n\t\t\t\t\t\t\t<div class=\"cta-block\"><a class=\"cta-link\" href=\"https:\/\/mail.leirivolt.pt\/fr\/category\/photovoltaique\">Portfolio<\/a><\/div>\r\n\t\t\t\t\t\t<\/div> <div class=\"col-lg-4\">\r\n\t\t\t\t\t\t\t<figure><img decoding=\"async\" src=\"https:\/\/mail.leirivolt.pt\/wp-content\/uploads\/2022\/10\/pf-quadros_eletricos.jpg\" alt=\"Tableaux \u00c9lectriques\"><\/figure>\r\n\t\t\t\t\t\t\t<h3>Tableaux \u00c9lectriques<\/h3>\r\n\t\t\t\t\t\t\t<div class=\"cta-block\"><a class=\"cta-link\" href=\"https:\/\/mail.leirivolt.pt\/fr\/category\/tableaux-electriques\">Portfolio<\/a><\/div>\r\n\t\t\t\t\t\t<\/div> <div class=\"col-lg-4\">\r\n\t\t\t\t\t\t\t<figure><img decoding=\"async\" src=\"https:\/\/mail.leirivolt.pt\/wp-content\/uploads\/2022\/12\/01-pavilhao_martinganca.jpg\" alt=\"Services\"><\/figure>\r\n\t\t\t\t\t\t\t<h3>Services<\/h3>\r\n\t\t\t\t\t\t\t<div class=\"cta-block\"><a class=\"cta-link\" href=\"https:\/\/mail.leirivolt.pt\/fr\/category\/services\">Portfolio<\/a><\/div>\r\n\t\t\t\t\t\t<\/div><\/div><\/div><\/div>\n<\/div>\n<\/section>\n<section id=\"noticias-block\">\n<div class=\"intro-row row\">\n<div class=\"col\">\n<h2>Actualit\u00e9s<\/h2>\n<\/div>\n<\/div>\n<div class=\"noticias owl-carousel\"><div class=\"item blog-post-block\">\r\n            <div class=\"img-block\"><img loading=\"lazy\" decoding=\"async\" width=\"705\" height=\"725\" src=\"https:\/\/mail.leirivolt.pt\/wp-content\/uploads\/2023\/11\/PME-Lider-2023_site.jpg\" class=\"thumb wp-post-image\" alt=\"\" title=\"Services\" srcset=\"https:\/\/mail.leirivolt.pt\/wp-content\/uploads\/2023\/11\/PME-Lider-2023_site.jpg 705w, https:\/\/mail.leirivolt.pt\/wp-content\/uploads\/2023\/11\/PME-Lider-2023_site-292x300.jpg 292w\" sizes=\"auto, (max-width: 705px) 100vw, 705px\" \/><\/div>\r\n            <div class=\"info-block\">\r\n\t\t\t\t<time datetime=\"13-11-2023\">13-11-2023<\/time><h3>PME LEADER<\/h3><p>Le 3 octobre dernier, Leirivolt a re\u00e7u l'annonce par l'IAPMEI de l'attribution du Statut de PME Leader 2016 (...)<\/p>\r\n\t\t\t<\/div>\r\n\t\t\t\t<a class=\"perma-link\" href=\"https:\/\/mail.leirivolt.pt\/fr\/actualites\/pme-leader-2\/\"><\/a>\r\n\t\t\t<\/div><div class=\"item blog-post-block\">\r\n            <div class=\"img-block\"><img loading=\"lazy\" decoding=\"async\" width=\"705\" height=\"725\" src=\"https:\/\/mail.leirivolt.pt\/wp-content\/uploads\/2023\/11\/PME-EXCELENCIA-2022_site.jpg\" class=\"thumb wp-post-image\" alt=\"\" title=\"Services\" srcset=\"https:\/\/mail.leirivolt.pt\/wp-content\/uploads\/2023\/11\/PME-EXCELENCIA-2022_site.jpg 705w, https:\/\/mail.leirivolt.pt\/wp-content\/uploads\/2023\/11\/PME-EXCELENCIA-2022_site-292x300.jpg 292w\" sizes=\"auto, (max-width: 705px) 100vw, 705px\" \/><\/div>\r\n            <div class=\"info-block\">\r\n\t\t\t\t<time datetime=\"06-11-2023\">06-11-2023<\/time><h3>PME EXCELLENCE<\/h3><p>C'est avec beaucoup de satisfaction que nous f\u00e9licitons votre entreprise par l'attribution du Statut PME Excellence 2021 (...)<\/p>\r\n\t\t\t<\/div>\r\n\t\t\t\t<a class=\"perma-link\" href=\"https:\/\/mail.leirivolt.pt\/fr\/actualites\/pme-excellence\/\"><\/a>\r\n\t\t\t<\/div><div class=\"item blog-post-block\">\r\n            <div class=\"img-block\"><img loading=\"lazy\" decoding=\"async\" width=\"696\" height=\"464\" src=\"https:\/\/mail.leirivolt.pt\/wp-content\/uploads\/2023\/01\/2022-12-09-Imagem.jpg\" class=\"thumb wp-post-image\" alt=\"\" title=\"Services\" srcset=\"https:\/\/mail.leirivolt.pt\/wp-content\/uploads\/2023\/01\/2022-12-09-Imagem.jpg 696w, https:\/\/mail.leirivolt.pt\/wp-content\/uploads\/2023\/01\/2022-12-09-Imagem-300x200.jpg 300w\" sizes=\"auto, (max-width: 696px) 100vw, 696px\" \/><\/div>\r\n            <div class=\"info-block\">\r\n\t\t\t\t<time datetime=\"09-12-2022\">09-12-2022<\/time><h3>VENDRE L&rsquo;\u00c9NERGIE EXC\u00c9DENTAIRE PRODUITE PAR AUTOCONSOMMATION, CELA VA \u00caTRE PLUS FACILE<\/h3><p>La proc\u00e9dure de vente d'\u00e9nergie exc\u00e9dentaire issue de l'autoconsommation est devenue plus simple.<\/p>\r\n\t\t\t<\/div>\r\n\t\t\t\t<a class=\"perma-link\" href=\"https:\/\/mail.leirivolt.pt\/fr\/actualites\/vendre-lenergie-excedentaire-produite-par-autoconsommation-cela-va-etre-plus-facile\/\"><\/a>\r\n\t\t\t<\/div><div class=\"item blog-post-block\">\r\n            <div class=\"img-block\"><img loading=\"lazy\" decoding=\"async\" width=\"1540\" height=\"1540\" src=\"https:\/\/mail.leirivolt.pt\/wp-content\/uploads\/2023\/01\/2022-11-09-MOLDPLAS.jpg\" class=\"thumb wp-post-image\" alt=\"\" title=\"Services\" srcset=\"https:\/\/mail.leirivolt.pt\/wp-content\/uploads\/2023\/01\/2022-11-09-MOLDPLAS.jpg 1540w, https:\/\/mail.leirivolt.pt\/wp-content\/uploads\/2023\/01\/2022-11-09-MOLDPLAS-300x300.jpg 300w, https:\/\/mail.leirivolt.pt\/wp-content\/uploads\/2023\/01\/2022-11-09-MOLDPLAS-1024x1024.jpg 1024w, https:\/\/mail.leirivolt.pt\/wp-content\/uploads\/2023\/01\/2022-11-09-MOLDPLAS-150x150.jpg 150w, https:\/\/mail.leirivolt.pt\/wp-content\/uploads\/2023\/01\/2022-11-09-MOLDPLAS-768x768.jpg 768w, https:\/\/mail.leirivolt.pt\/wp-content\/uploads\/2023\/01\/2022-11-09-MOLDPLAS-1536x1536.jpg 1536w\" sizes=\"auto, (max-width: 1540px) 100vw, 1540px\" \/><\/div>\r\n            <div class=\"info-block\">\r\n\t\t\t\t<time datetime=\"09-11-2022\">09-11-2022<\/time><h3>MOLDPL\u00c1S<\/h3><p>On lance aujourd'hui la 12\u00e8me MOLDPL\u00c1S qui se d\u00e9roulera jusqu'au 12 novembre, au salon des expositions 'Exposal\u00e3o' \u2013 \u00e0 Batalha.<\/p>\r\n\t\t\t<\/div>\r\n\t\t\t\t<a class=\"perma-link\" href=\"https:\/\/mail.leirivolt.pt\/fr\/actualites\/moldplas\/\"><\/a>\r\n\t\t\t<\/div><div class=\"item blog-post-block\">\r\n            <div class=\"img-block\"><img loading=\"lazy\" decoding=\"async\" width=\"2560\" height=\"1810\" src=\"https:\/\/mail.leirivolt.pt\/wp-content\/uploads\/2023\/01\/selo_17anos-01-scaled.jpg\" class=\"thumb wp-post-image\" alt=\"\" title=\"Services\" srcset=\"https:\/\/mail.leirivolt.pt\/wp-content\/uploads\/2023\/01\/selo_17anos-01-scaled.jpg 2560w, https:\/\/mail.leirivolt.pt\/wp-content\/uploads\/2023\/01\/selo_17anos-01-300x212.jpg 300w, https:\/\/mail.leirivolt.pt\/wp-content\/uploads\/2023\/01\/selo_17anos-01-1024x724.jpg 1024w, https:\/\/mail.leirivolt.pt\/wp-content\/uploads\/2023\/01\/selo_17anos-01-768x543.jpg 768w, https:\/\/mail.leirivolt.pt\/wp-content\/uploads\/2023\/01\/selo_17anos-01-1536x1086.jpg 1536w, https:\/\/mail.leirivolt.pt\/wp-content\/uploads\/2023\/01\/selo_17anos-01-2048x1448.jpg 2048w\" sizes=\"auto, (max-width: 2560px) 100vw, 2560px\" \/><\/div>\r\n            <div class=\"info-block\">\r\n\t\t\t\t<time datetime=\"04-01-2021\">04-01-2021<\/time><h3>17\u00e8me ANNIVERSAIRE<\/h3><p>Aujourd'hui, le 4 janvier 2021, nous c\u00e9l\u00e9brons le 17\u00e8me anniversaire de Leirivolt.<\/p>\r\n\t\t\t<\/div>\r\n\t\t\t\t<a class=\"perma-link\" href=\"https:\/\/mail.leirivolt.pt\/fr\/actualites\/17eme-anniversaire\/\"><\/a>\r\n\t\t\t<\/div><div class=\"item blog-post-block\">\r\n            <div class=\"img-block\"><img loading=\"lazy\" decoding=\"async\" width=\"2560\" height=\"2560\" src=\"https:\/\/mail.leirivolt.pt\/wp-content\/uploads\/2020\/12\/2020-12-14_Fundo-Ambiental-scaled.jpg\" class=\"thumb wp-post-image\" alt=\"\" title=\"Services\" srcset=\"https:\/\/mail.leirivolt.pt\/wp-content\/uploads\/2020\/12\/2020-12-14_Fundo-Ambiental-scaled.jpg 2560w, https:\/\/mail.leirivolt.pt\/wp-content\/uploads\/2020\/12\/2020-12-14_Fundo-Ambiental-300x300.jpg 300w, https:\/\/mail.leirivolt.pt\/wp-content\/uploads\/2020\/12\/2020-12-14_Fundo-Ambiental-1024x1024.jpg 1024w, https:\/\/mail.leirivolt.pt\/wp-content\/uploads\/2020\/12\/2020-12-14_Fundo-Ambiental-150x150.jpg 150w, https:\/\/mail.leirivolt.pt\/wp-content\/uploads\/2020\/12\/2020-12-14_Fundo-Ambiental-768x768.jpg 768w, https:\/\/mail.leirivolt.pt\/wp-content\/uploads\/2020\/12\/2020-12-14_Fundo-Ambiental-1536x1536.jpg 1536w, https:\/\/mail.leirivolt.pt\/wp-content\/uploads\/2020\/12\/2020-12-14_Fundo-Ambiental-2048x2048.jpg 2048w\" sizes=\"auto, (max-width: 2560px) 100vw, 2560px\" \/><\/div>\r\n            <div class=\"info-block\">\r\n\t\t\t\t<time datetime=\"14-12-2020\">14-12-2020<\/time><h3>PROGRAMME \u201cB\u00c2TIMENTS PLUS DURABLES\u201d A ATTEINT LE BUDGET DE 4,5 MILLIONS D&rsquo;EUROS<\/h3><p>\u201c4.234 candidatures ont d\u00e9j\u00e0 \u00e9t\u00e9 soumises (...)\"<\/p>\r\n\t\t\t<\/div>\r\n\t\t\t\t<a class=\"perma-link\" href=\"https:\/\/mail.leirivolt.pt\/fr\/actualites\/programme-batiments-plus-durables-a-epuise-le-budget-de-45-millions-deuros\/\"><\/a>\r\n\t\t\t<\/div><div class=\"item blog-post-block\">\r\n            <div class=\"img-block\"><img loading=\"lazy\" decoding=\"async\" width=\"2560\" height=\"2560\" src=\"https:\/\/mail.leirivolt.pt\/wp-content\/uploads\/2020\/09\/2020-09-07-Fundo-Ambiental-scaled.jpg\" class=\"thumb wp-post-image\" alt=\"\" title=\"Services\" srcset=\"https:\/\/mail.leirivolt.pt\/wp-content\/uploads\/2020\/09\/2020-09-07-Fundo-Ambiental-scaled.jpg 2560w, https:\/\/mail.leirivolt.pt\/wp-content\/uploads\/2020\/09\/2020-09-07-Fundo-Ambiental-300x300.jpg 300w, https:\/\/mail.leirivolt.pt\/wp-content\/uploads\/2020\/09\/2020-09-07-Fundo-Ambiental-1024x1024.jpg 1024w, https:\/\/mail.leirivolt.pt\/wp-content\/uploads\/2020\/09\/2020-09-07-Fundo-Ambiental-150x150.jpg 150w, https:\/\/mail.leirivolt.pt\/wp-content\/uploads\/2020\/09\/2020-09-07-Fundo-Ambiental-768x768.jpg 768w, https:\/\/mail.leirivolt.pt\/wp-content\/uploads\/2020\/09\/2020-09-07-Fundo-Ambiental-1536x1536.jpg 1536w, https:\/\/mail.leirivolt.pt\/wp-content\/uploads\/2020\/09\/2020-09-07-Fundo-Ambiental-2048x2048.jpg 2048w\" sizes=\"auto, (max-width: 2560px) 100vw, 2560px\" \/><\/div>\r\n            <div class=\"info-block\">\r\n\t\t\t\t<time datetime=\"07-09-2020\">07-09-2020<\/time><h3>B\u00c2TIMENTS + DURABLES<\/h3><p>Le Fonds Environnemental met \u00e0 disposition 4,5M d'euros pour rendre les B\u00e2timents plus durables.<\/p>\r\n\t\t\t<\/div>\r\n\t\t\t\t<a class=\"perma-link\" href=\"https:\/\/mail.leirivolt.pt\/fr\/actualites\/batiments-durables\/\"><\/a>\r\n\t\t\t<\/div><div class=\"item blog-post-block\">\r\n            <div class=\"img-block\"><img loading=\"lazy\" decoding=\"async\" width=\"476\" height=\"440\" src=\"https:\/\/mail.leirivolt.pt\/wp-content\/uploads\/2022\/11\/2ACCESS.jpg\" class=\"thumb wp-post-image\" alt=\"\" title=\"Services\" srcset=\"https:\/\/mail.leirivolt.pt\/wp-content\/uploads\/2022\/11\/2ACCESS.jpg 476w, https:\/\/mail.leirivolt.pt\/wp-content\/uploads\/2022\/11\/2ACCESS-300x277.jpg 300w\" sizes=\"auto, (max-width: 476px) 100vw, 476px\" \/><\/div>\r\n            <div class=\"info-block\">\r\n\t\t\t\t<time datetime=\"01-06-2020\">01-06-2020<\/time><h3>2ACCESS<\/h3><p>La COVID-19 a \u00e9merg\u00e9 de mani\u00e8re inattendue et a contraint les personnes, les entreprises, les associations, les clubs, \u00e0 passer par un processus de r\u00e9novation et d'adaptation de nouvelles habitudes.<\/p>\r\n\t\t\t<\/div>\r\n\t\t\t\t<a class=\"perma-link\" href=\"https:\/\/mail.leirivolt.pt\/fr\/actualites\/2access\/\"><\/a>\r\n\t\t\t<\/div><div class=\"item blog-post-block\">\r\n            <div class=\"img-block\"><img loading=\"lazy\" decoding=\"async\" width=\"2560\" height=\"2560\" src=\"https:\/\/mail.leirivolt.pt\/wp-content\/uploads\/2019\/11\/2019-11-25-PME-LIDER-scaled.jpg\" class=\"thumb wp-post-image\" alt=\"\" title=\"Services\" srcset=\"https:\/\/mail.leirivolt.pt\/wp-content\/uploads\/2019\/11\/2019-11-25-PME-LIDER-scaled.jpg 2560w, https:\/\/mail.leirivolt.pt\/wp-content\/uploads\/2019\/11\/2019-11-25-PME-LIDER-300x300.jpg 300w, https:\/\/mail.leirivolt.pt\/wp-content\/uploads\/2019\/11\/2019-11-25-PME-LIDER-1024x1024.jpg 1024w, https:\/\/mail.leirivolt.pt\/wp-content\/uploads\/2019\/11\/2019-11-25-PME-LIDER-150x150.jpg 150w, https:\/\/mail.leirivolt.pt\/wp-content\/uploads\/2019\/11\/2019-11-25-PME-LIDER-768x768.jpg 768w, https:\/\/mail.leirivolt.pt\/wp-content\/uploads\/2019\/11\/2019-11-25-PME-LIDER-1536x1536.jpg 1536w, https:\/\/mail.leirivolt.pt\/wp-content\/uploads\/2019\/11\/2019-11-25-PME-LIDER-2048x2048.jpg 2048w\" sizes=\"auto, (max-width: 2560px) 100vw, 2560px\" \/><\/div>\r\n            <div class=\"info-block\">\r\n\t\t\t\t<time datetime=\"25-11-2019\">25-11-2019<\/time><h3>PME Leader<\/h3><p>&#13; Leirivolt, Lda a \u00e9t\u00e9 distingu\u00e9e par le IAPMEI, par la qualit\u00e9 de sa performance et profil de risque, comme PME Leader 2019. &#13;<\/p>\r\n\t\t\t<\/div>\r\n\t\t\t\t<a class=\"perma-link\" href=\"https:\/\/mail.leirivolt.pt\/fr\/actualites\/pme-leader\/\"><\/a>\r\n\t\t\t<\/div><div class=\"item blog-post-block\">\r\n            <div class=\"img-block\"><img loading=\"lazy\" decoding=\"async\" width=\"2560\" height=\"2560\" src=\"https:\/\/mail.leirivolt.pt\/wp-content\/uploads\/2019\/11\/2019-11-11-MOLDPLAS-scaled.jpg\" class=\"thumb wp-post-image\" alt=\"\" title=\"Services\" srcset=\"https:\/\/mail.leirivolt.pt\/wp-content\/uploads\/2019\/11\/2019-11-11-MOLDPLAS-scaled.jpg 2560w, https:\/\/mail.leirivolt.pt\/wp-content\/uploads\/2019\/11\/2019-11-11-MOLDPLAS-300x300.jpg 300w, https:\/\/mail.leirivolt.pt\/wp-content\/uploads\/2019\/11\/2019-11-11-MOLDPLAS-1024x1024.jpg 1024w, https:\/\/mail.leirivolt.pt\/wp-content\/uploads\/2019\/11\/2019-11-11-MOLDPLAS-150x150.jpg 150w, https:\/\/mail.leirivolt.pt\/wp-content\/uploads\/2019\/11\/2019-11-11-MOLDPLAS-768x768.jpg 768w, https:\/\/mail.leirivolt.pt\/wp-content\/uploads\/2019\/11\/2019-11-11-MOLDPLAS-1536x1536.jpg 1536w, https:\/\/mail.leirivolt.pt\/wp-content\/uploads\/2019\/11\/2019-11-11-MOLDPLAS-2048x2048.jpg 2048w\" sizes=\"auto, (max-width: 2560px) 100vw, 2560px\" \/><\/div>\r\n            <div class=\"info-block\">\r\n\t\t\t\t<time datetime=\"11-11-2019\">11-11-2019<\/time><h3>MOLDPL\u00c1S<\/h3><p>La 11\u00e8me MOLDPL\u00c1S a eu lieu, du 6 au 9 novembre dans le salon 'Exposal\u00e3o' \u2013 \u00e0 Batalha et dans laquelle Leirivolt en partenariat (...)<\/p>\r\n\t\t\t<\/div>\r\n\t\t\t\t<a class=\"perma-link\" href=\"https:\/\/mail.leirivolt.pt\/fr\/actualites\/moldplas-2\/\"><\/a>\r\n\t\t\t<\/div><\/div>\n<div class=\"nav-block\"><\/div>\n<div class=\"cta-block\"><a class=\"cta-link\" href=\"https:\/\/www.leirivolt.pt\/noticias\">Tout afficer<\/a><\/div>\n<\/section>\n<section id=\"parceiros-block\">\n<h2>Clients<\/h2>\n<div class=\"parceiros owl-carousel\"> <div class=\"col\"><figure><img decoding=\"async\" src=\"https:\/\/mail.leirivolt.pt\/wp-content\/uploads\/2025\/04\/PARCIGRAF_logo_site.jpg\" class=\"img-fluid\" alt=\"Parcigraf\" title=\"Parcigraf\"><\/figure><\/div> <div class=\"col\"><figure><img decoding=\"async\" src=\"https:\/\/mail.leirivolt.pt\/wp-content\/uploads\/2022\/12\/ITP_Logo.png\" class=\"img-fluid\" alt=\"Kozzi Plast\" title=\"Kozzi Plast\"><\/figure><\/div> <div class=\"col\"><figure><img decoding=\"async\" src=\"https:\/\/mail.leirivolt.pt\/wp-content\/uploads\/2022\/12\/vidrexport_logo_vectorial_sombra-scaled.jpg\" class=\"img-fluid\" alt=\"Vidrexport\" title=\"Vidrexport\"><\/figure><\/div> <div class=\"col\"><figure><img decoding=\"async\" src=\"https:\/\/mail.leirivolt.pt\/wp-content\/uploads\/2022\/12\/SB_Vidrala_logo.png\" class=\"img-fluid\" alt=\"Santos Barosa\" title=\"Santos Barosa\"><\/figure><\/div> <div class=\"col\"><figure><img decoding=\"async\" src=\"https:\/\/mail.leirivolt.pt\/wp-content\/uploads\/2022\/12\/SANTOS-MONTEIRO_LOGO.png\" class=\"img-fluid\" alt=\"Santos Monteiro\" title=\"Santos Monteiro\"><\/figure><\/div> <div class=\"col\"><figure><img decoding=\"async\" src=\"https:\/\/mail.leirivolt.pt\/wp-content\/uploads\/2022\/12\/Moldata_logotipo_-e1670351056869.jpg\" class=\"img-fluid\" alt=\"Moldata\" title=\"Moldata\"><\/figure><\/div> <div class=\"col\"><figure><img decoding=\"async\" src=\"https:\/\/mail.leirivolt.pt\/wp-content\/uploads\/2022\/12\/MDTFORM_logotipo.png\" class=\"img-fluid\" alt=\"MDTFORM\" title=\"MDTFORM\"><\/figure><\/div> <div class=\"col\"><figure><img decoding=\"async\" src=\"https:\/\/mail.leirivolt.pt\/wp-content\/uploads\/2022\/12\/MARTOS_logo.jpg\" class=\"img-fluid\" alt=\"Martos\" title=\"Martos\"><\/figure><\/div> <div class=\"col\"><figure><img decoding=\"async\" src=\"https:\/\/mail.leirivolt.pt\/wp-content\/uploads\/2022\/12\/madeifatima_logo-site.jpg\" class=\"img-fluid\" alt=\"Madeif\u00e1tima\" title=\"Madeif\u00e1tima\"><\/figure><\/div> <div class=\"col\"><figure><img decoding=\"async\" src=\"https:\/\/mail.leirivolt.pt\/wp-content\/uploads\/2022\/12\/evo_racks_1.png\" class=\"img-fluid\" alt=\"VJ Transfer\" title=\"VJ Transfer\"><\/figure><\/div> <div class=\"col\"><figure><img decoding=\"async\" src=\"https:\/\/mail.leirivolt.pt\/wp-content\/uploads\/2022\/12\/Gosimat_logo.png\" class=\"img-fluid\" alt=\"Gosimat\" title=\"Gosimat\"><\/figure><\/div> <div class=\"col\"><figure><img decoding=\"async\" src=\"https:\/\/mail.leirivolt.pt\/wp-content\/uploads\/2022\/12\/Formato_logo.png\" class=\"img-fluid\" alt=\"Formato\" title=\"Formato\"><\/figure><\/div> <div class=\"col\"><figure><img decoding=\"async\" src=\"https:\/\/mail.leirivolt.pt\/wp-content\/uploads\/2022\/12\/FAGIR_Logo.png\" class=\"img-fluid\" alt=\"Fagir\" title=\"Fagir\"><\/figure><\/div> <div class=\"col\"><figure><img decoding=\"async\" src=\"https:\/\/mail.leirivolt.pt\/wp-content\/uploads\/2022\/11\/ABRANFINAS_logo-e1670346023589.png\" class=\"img-fluid\" alt=\"Abranfinas\" title=\"Abranfinas\"><\/figure><\/div> <div class=\"col\"><figure><img decoding=\"async\" src=\"https:\/\/mail.leirivolt.pt\/wp-content\/uploads\/2022\/11\/amitei.png\" class=\"img-fluid\" alt=\"AMITEI\" title=\"AMITEI\"><\/figure><\/div> <div class=\"col\"><figure><img decoding=\"async\" src=\"https:\/\/mail.leirivolt.pt\/wp-content\/uploads\/2022\/10\/ARTNOVA_logo.png\" class=\"img-fluid\" alt=\"ARTNOVA\" title=\"ARTNOVA\"><\/figure><\/div><\/div>\n<\/section>\n","protected":false},"excerpt":{"rendered":"<p>Entreprise Leirivolt &#8211; Lda a \u00e9t\u00e9 fond\u00e9e le 5 janvier 2004. Actuellement, nous sommes une entreprise solide sur le march\u00e9, compos\u00e9 d&rsquo;une \u00e9quipe exp\u00e9riment\u00e9e et dynamique, avec un savoir-faire dans le domaine des Installations \u00c9lectriques, \u00c9lectrification des Tableaux \u00c9lectriques, Automatisation Industrielle, Maintenance et Assistance Technique, Syst\u00e8mes Domotiques R\u00e9sidentiels, \u00c9tudes et Projets d&rsquo;\u00c9clairage, Mobilit\u00e9 \u00c9lectrique, \u00c9nergies [&hellip;]<\/p>\n","protected":false},"author":1,"featured_media":0,"parent":0,"menu_order":0,"comment_status":"closed","ping_status":"closed","template":"","meta":{"_acf_changed":false,"inline_featured_image":false,"footnotes":""},"class_list":["post-3181","page","type-page","status-publish","hentry"],"acf":[],"yoast_head":"<!-- This site is optimized with the Yoast SEO plugin v27.5 - https:\/\/yoast.com\/product\/yoast-seo-wordpress\/ -->\n<title>Entreprise d&#039;\u00c9nergies Renouvelables | Leirivolt<\/title>\n<meta name=\"description\" content=\"Leirivolt, avec une exp\u00e9rience de plus de 15 ans sur le march\u00e9 \u00e9lectrique. Tableaux \u00e9lectriques, Automatisation Industrielle, Photovolta\u00efque et Batteries de Lithium.\" \/>\n<meta name=\"robots\" content=\"index, follow, max-snippet:-1, max-image-preview:large, max-video-preview:-1\" \/>\n<link rel=\"canonical\" href=\"https:\/\/mail.leirivolt.pt\/fr\/\" \/>\n<meta property=\"og:locale\" content=\"fr_FR\" \/>\n<meta property=\"og:type\" content=\"article\" \/>\n<meta property=\"og:title\" content=\"Entreprise d&#039;\u00c9nergies Renouvelables | Leirivolt\" \/>\n<meta property=\"og:description\" content=\"Leirivolt, avec une exp\u00e9rience de plus de 15 ans sur le march\u00e9 \u00e9lectrique. Tableaux \u00e9lectriques, Automatisation Industrielle, Photovolta\u00efque et Batteries de Lithium.\" \/>\n<meta property=\"og:url\" content=\"https:\/\/mail.leirivolt.pt\/fr\/\" \/>\n<meta property=\"og:site_name\" content=\"Leirivolt, Lda\" \/>\n<meta property=\"article:publisher\" content=\"https:\/\/www.facebook.com\/leirivolt\/\" \/>\n<meta property=\"article:modified_time\" content=\"2023-02-09T18:53:01+00:00\" \/>\n<meta property=\"og:image\" content=\"https:\/\/mail.leirivolt.pt\/wp-content\/uploads\/2022\/11\/logo_leirivolt.jpg\" \/>\n\t<meta property=\"og:image:width\" content=\"200\" \/>\n\t<meta property=\"og:image:height\" content=\"200\" \/>\n\t<meta property=\"og:image:type\" content=\"image\/jpeg\" \/>\n<meta name=\"twitter:card\" content=\"summary_large_image\" \/>\n<meta name=\"twitter:label1\" content=\"Dur\u00e9e de lecture estim\u00e9e\" \/>\n\t<meta name=\"twitter:data1\" content=\"1 minute\" \/>\n<script type=\"application\/ld+json\" class=\"yoast-schema-graph\">{\"@context\":\"https:\\\/\\\/schema.org\",\"@graph\":[{\"@type\":\"WebPage\",\"@id\":\"https:\\\/\\\/mail.leirivolt.pt\\\/fr\\\/\",\"url\":\"https:\\\/\\\/mail.leirivolt.pt\\\/fr\\\/\",\"name\":\"Entreprise d'\u00c9nergies Renouvelables | Leirivolt\",\"isPartOf\":{\"@id\":\"https:\\\/\\\/www.leirivolt.pt\\\/fr\\\/#website\"},\"datePublished\":\"2022-09-29T13:51:56+00:00\",\"dateModified\":\"2023-02-09T18:53:01+00:00\",\"description\":\"Leirivolt, avec une exp\u00e9rience de plus de 15 ans sur le march\u00e9 \u00e9lectrique. Tableaux \u00e9lectriques, Automatisation Industrielle, Photovolta\u00efque et Batteries de Lithium.\",\"breadcrumb\":{\"@id\":\"https:\\\/\\\/mail.leirivolt.pt\\\/fr\\\/#breadcrumb\"},\"inLanguage\":\"fr-FR\",\"potentialAction\":[{\"@type\":\"ReadAction\",\"target\":[\"https:\\\/\\\/mail.leirivolt.pt\\\/fr\\\/\"]}]},{\"@type\":\"BreadcrumbList\",\"@id\":\"https:\\\/\\\/mail.leirivolt.pt\\\/fr\\\/#breadcrumb\",\"itemListElement\":[{\"@type\":\"ListItem\",\"position\":1,\"name\":\"In\u00edcio\",\"item\":\"https:\\\/\\\/www.leirivolt.pt\\\/fr\\\/\"},{\"@type\":\"ListItem\",\"position\":2,\"name\":\"Page d&rsquo;accueil\"}]},{\"@type\":\"WebSite\",\"@id\":\"https:\\\/\\\/www.leirivolt.pt\\\/fr\\\/#website\",\"url\":\"https:\\\/\\\/www.leirivolt.pt\\\/fr\\\/\",\"name\":\"Leirivolt, Lda\",\"description\":\"Solu\u00e7\u00f5es de Energia desde 2004\",\"publisher\":{\"@id\":\"https:\\\/\\\/www.leirivolt.pt\\\/fr\\\/#organization\"},\"potentialAction\":[{\"@type\":\"SearchAction\",\"target\":{\"@type\":\"EntryPoint\",\"urlTemplate\":\"https:\\\/\\\/www.leirivolt.pt\\\/fr\\\/?s={search_term_string}\"},\"query-input\":{\"@type\":\"PropertyValueSpecification\",\"valueRequired\":true,\"valueName\":\"search_term_string\"}}],\"inLanguage\":\"fr-FR\"},{\"@type\":\"Organization\",\"@id\":\"https:\\\/\\\/www.leirivolt.pt\\\/fr\\\/#organization\",\"name\":\"Leirivolt, Lda\",\"url\":\"https:\\\/\\\/www.leirivolt.pt\\\/fr\\\/\",\"logo\":{\"@type\":\"ImageObject\",\"inLanguage\":\"fr-FR\",\"@id\":\"https:\\\/\\\/www.leirivolt.pt\\\/fr\\\/#\\\/schema\\\/logo\\\/image\\\/\",\"url\":\"https:\\\/\\\/www.leirivolt.pt\\\/wp-content\\\/uploads\\\/2022\\\/09\\\/logo_leirivolt.svg\",\"contentUrl\":\"https:\\\/\\\/www.leirivolt.pt\\\/wp-content\\\/uploads\\\/2022\\\/09\\\/logo_leirivolt.svg\",\"width\":\"1024\",\"height\":\"1024\",\"caption\":\"Leirivolt, Lda\"},\"image\":{\"@id\":\"https:\\\/\\\/www.leirivolt.pt\\\/fr\\\/#\\\/schema\\\/logo\\\/image\\\/\"},\"sameAs\":[\"https:\\\/\\\/www.facebook.com\\\/leirivolt\\\/\",\"https:\\\/\\\/www.instagram.com\\\/leirivolt\\\/\",\"https:\\\/\\\/www.linkedin.com\\\/company\\\/leirivolt-lda\\\/\",\"https:\\\/\\\/www.youtube.com\\\/channel\\\/UCa3j2lrLVVRdtDgCdJRt6Sw?app=desktop\"]}]}<\/script>\n<!-- \/ Yoast SEO plugin. -->","yoast_head_json":{"title":"Entreprise d'\u00c9nergies Renouvelables | Leirivolt","description":"Leirivolt, avec une exp\u00e9rience de plus de 15 ans sur le march\u00e9 \u00e9lectrique. Tableaux \u00e9lectriques, Automatisation Industrielle, Photovolta\u00efque et Batteries de Lithium.","robots":{"index":"index","follow":"follow","max-snippet":"max-snippet:-1","max-image-preview":"max-image-preview:large","max-video-preview":"max-video-preview:-1"},"canonical":"https:\/\/mail.leirivolt.pt\/fr\/","og_locale":"fr_FR","og_type":"article","og_title":"Entreprise d'\u00c9nergies Renouvelables | Leirivolt","og_description":"Leirivolt, avec une exp\u00e9rience de plus de 15 ans sur le march\u00e9 \u00e9lectrique. Tableaux \u00e9lectriques, Automatisation Industrielle, Photovolta\u00efque et Batteries de Lithium.","og_url":"https:\/\/mail.leirivolt.pt\/fr\/","og_site_name":"Leirivolt, Lda","article_publisher":"https:\/\/www.facebook.com\/leirivolt\/","article_modified_time":"2023-02-09T18:53:01+00:00","og_image":[{"width":200,"height":200,"url":"https:\/\/mail.leirivolt.pt\/wp-content\/uploads\/2022\/11\/logo_leirivolt.jpg","type":"image\/jpeg"}],"twitter_card":"summary_large_image","twitter_misc":{"Dur\u00e9e de lecture estim\u00e9e":"1 minute"},"schema":{"@context":"https:\/\/schema.org","@graph":[{"@type":"WebPage","@id":"https:\/\/mail.leirivolt.pt\/fr\/","url":"https:\/\/mail.leirivolt.pt\/fr\/","name":"Entreprise d'\u00c9nergies Renouvelables | Leirivolt","isPartOf":{"@id":"https:\/\/www.leirivolt.pt\/fr\/#website"},"datePublished":"2022-09-29T13:51:56+00:00","dateModified":"2023-02-09T18:53:01+00:00","description":"Leirivolt, avec une exp\u00e9rience de plus de 15 ans sur le march\u00e9 \u00e9lectrique. Tableaux \u00e9lectriques, Automatisation Industrielle, Photovolta\u00efque et Batteries de Lithium.","breadcrumb":{"@id":"https:\/\/mail.leirivolt.pt\/fr\/#breadcrumb"},"inLanguage":"fr-FR","potentialAction":[{"@type":"ReadAction","target":["https:\/\/mail.leirivolt.pt\/fr\/"]}]},{"@type":"BreadcrumbList","@id":"https:\/\/mail.leirivolt.pt\/fr\/#breadcrumb","itemListElement":[{"@type":"ListItem","position":1,"name":"In\u00edcio","item":"https:\/\/www.leirivolt.pt\/fr\/"},{"@type":"ListItem","position":2,"name":"Page d&rsquo;accueil"}]},{"@type":"WebSite","@id":"https:\/\/www.leirivolt.pt\/fr\/#website","url":"https:\/\/www.leirivolt.pt\/fr\/","name":"Leirivolt, Lda","description":"Solu\u00e7\u00f5es de Energia desde 2004","publisher":{"@id":"https:\/\/www.leirivolt.pt\/fr\/#organization"},"potentialAction":[{"@type":"SearchAction","target":{"@type":"EntryPoint","urlTemplate":"https:\/\/www.leirivolt.pt\/fr\/?s={search_term_string}"},"query-input":{"@type":"PropertyValueSpecification","valueRequired":true,"valueName":"search_term_string"}}],"inLanguage":"fr-FR"},{"@type":"Organization","@id":"https:\/\/www.leirivolt.pt\/fr\/#organization","name":"Leirivolt, Lda","url":"https:\/\/www.leirivolt.pt\/fr\/","logo":{"@type":"ImageObject","inLanguage":"fr-FR","@id":"https:\/\/www.leirivolt.pt\/fr\/#\/schema\/logo\/image\/","url":"https:\/\/www.leirivolt.pt\/wp-content\/uploads\/2022\/09\/logo_leirivolt.svg","contentUrl":"https:\/\/www.leirivolt.pt\/wp-content\/uploads\/2022\/09\/logo_leirivolt.svg","width":"1024","height":"1024","caption":"Leirivolt, Lda"},"image":{"@id":"https:\/\/www.leirivolt.pt\/fr\/#\/schema\/logo\/image\/"},"sameAs":["https:\/\/www.facebook.com\/leirivolt\/","https:\/\/www.instagram.com\/leirivolt\/","https:\/\/www.linkedin.com\/company\/leirivolt-lda\/","https:\/\/www.youtube.com\/channel\/UCa3j2lrLVVRdtDgCdJRt6Sw?app=desktop"]}]}},"_links":{"self":[{"href":"https:\/\/mail.leirivolt.pt\/fr\/wp-json\/wp\/v2\/pages\/3181","targetHints":{"allow":["GET"]}}],"collection":[{"href":"https:\/\/mail.leirivolt.pt\/fr\/wp-json\/wp\/v2\/pages"}],"about":[{"href":"https:\/\/mail.leirivolt.pt\/fr\/wp-json\/wp\/v2\/types\/page"}],"author":[{"embeddable":true,"href":"https:\/\/mail.leirivolt.pt\/fr\/wp-json\/wp\/v2\/users\/1"}],"replies":[{"embeddable":true,"href":"https:\/\/mail.leirivolt.pt\/fr\/wp-json\/wp\/v2\/comments?post=3181"}],"version-history":[{"count":5,"href":"https:\/\/mail.leirivolt.pt\/fr\/wp-json\/wp\/v2\/pages\/3181\/revisions"}],"predecessor-version":[{"id":3370,"href":"https:\/\/mail.leirivolt.pt\/fr\/wp-json\/wp\/v2\/pages\/3181\/revisions\/3370"}],"wp:attachment":[{"href":"https:\/\/mail.leirivolt.pt\/fr\/wp-json\/wp\/v2\/media?parent=3181"}],"curies":[{"name":"wp","href":"https:\/\/api.w.org\/{rel}","templated":true}]}}